{"id":1854,"date":"2021-04-04T01:17:24","date_gmt":"2021-04-04T00:17:24","guid":{"rendered":"http:\/\/fundacionmargaritabocio.org\/qui-som\/"},"modified":"2021-04-04T21:52:30","modified_gmt":"2021-04-04T20:52:30","slug":"qui-som","status":"publish","type":"page","link":"http:\/\/fundacionmargaritabocio.org\/ca\/qui-som\/","title":{"rendered":"Qui Som"},"content":{"rendered":"\n<style type=\"text\/css\" data-created_by=\"avia_inline_auto\" id=\"style-css-av-75nt9w-9cb439aca3ede9ff7b4fd00c3f0e30fb\">\n.avia-section.av-75nt9w-9cb439aca3ede9ff7b4fd00c3f0e30fb .av-parallax .av-parallax-inner{\nbackground-repeat:no-repeat;\nbackground-image:url(http:\/\/fundacionmargaritabocio.org\/wp-content\/uploads\/2021\/03\/wood-play-flower-petal-heart-construction-965379-pxhere.com_.jpg);\nbackground-position:50% 0%;\nbackground-attachment:scroll;\n}\n.avia-section.av-75nt9w-9cb439aca3ede9ff7b4fd00c3f0e30fb .av-extra-border-element .av-extra-border-inner{\nbackground-color:#ffffff;\n}\n<\/style>\n<div id='av_section_1'  class='avia-section av-75nt9w-9cb439aca3ede9ff7b4fd00c3f0e30fb alternate_color avia-section-huge avia-no-border-styling  avia-builder-el-0  el_before_av_section  avia-builder-el-first  avia-full-stretch av-parallax-section avia-bg-style-parallax av-minimum-height av-minimum-height-50  container_wrap fullsize'  data-section-bg-repeat='stretch' data-av_minimum_height_pc='50'><div class='av-parallax' data-avia-parallax-ratio='0.3' ><div class='av-parallax-inner alternate_color avia-full-stretch'><\/div><\/div><div class='container av-section-cont-open' ><main  role=\"main\" itemprop=\"mainContentOfPage\"  class='template-page content  av-content-full alpha units'><div class='post-entry post-entry-type-page post-entry-1854'><div class='entry-content-wrapper clearfix'>\n\n<style type=\"text\/css\" data-created_by=\"avia_inline_auto\" id=\"style-css-av-6yputg-ad83cc98cdfbb16ca701cccd1d3e00cf\">\n#top .av-special-heading.av-6yputg-ad83cc98cdfbb16ca701cccd1d3e00cf{\npadding-bottom:0px;\ncolor:#ffffff;\nfont-size:90px;\n}\nbody .av-special-heading.av-6yputg-ad83cc98cdfbb16ca701cccd1d3e00cf .av-special-heading-tag .heading-char{\nfont-size:25px;\n}\n#top #wrap_all .av-special-heading.av-6yputg-ad83cc98cdfbb16ca701cccd1d3e00cf .av-special-heading-tag{\nfont-size:90px;\n}\n.av-special-heading.av-6yputg-ad83cc98cdfbb16ca701cccd1d3e00cf .special-heading-inner-border{\nborder-color:#ffffff;\n}\n.av-special-heading.av-6yputg-ad83cc98cdfbb16ca701cccd1d3e00cf .av-subheading{\nfont-size:15px;\n}\n<\/style>\n<div  class='av-special-heading av-6yputg-ad83cc98cdfbb16ca701cccd1d3e00cf av-special-heading-h3 custom-color-heading blockquote modern-quote modern-centered  avia-builder-el-1  avia-builder-el-no-sibling  av-inherit-size'><h3 class='av-special-heading-tag'  itemprop=\"headline\"  >La Fundaci\u00f3n<\/h3><div class=\"special-heading-border\"><div class=\"special-heading-inner-border\"><\/div><\/div><\/div>\n\n<\/div><\/div><\/main><!-- close content main element --><\/div><div class='av-extra-border-element border-extra-diagonal  '><div class='av-extra-border-outer'><div class='av-extra-border-inner'><\/div><\/div><\/div><\/div>\n<style type=\"text\/css\" data-created_by=\"avia_inline_auto\" id=\"style-css-av-6xpxlw-01b1538b5342a10706df8067ee4f393e\">\n.avia-section.av-6xpxlw-01b1538b5342a10706df8067ee4f393e .av-extra-border-element .av-extra-border-inner{\nbackground-color:#ffffff;\n}\n<\/style>\n<div id='av_section_2'  class='avia-section av-6xpxlw-01b1538b5342a10706df8067ee4f393e main_color avia-section-huge avia-no-border-styling  avia-builder-el-2  el_after_av_section  el_before_av_section  avia-bg-style-fixed av-arrow-down-section container_wrap fullsize'  ><div class='container av-section-cont-open' ><div class='template-page content  av-content-full alpha units'><div class='post-entry post-entry-type-page post-entry-1854'><div class='entry-content-wrapper clearfix'>\n\n<style type=\"text\/css\" data-created_by=\"avia_inline_auto\" id=\"style-css-av-6n716c-03be4412b229d4868301cf23ad8b078e\">\n.flex_column.av-6n716c-03be4412b229d4868301cf23ad8b078e{\nborder-radius:0px 0px 0px 0px;\n-webkit-border-radius:0px 0px 0px 0px;\n-moz-border-radius:0px 0px 0px 0px;\n}\n<\/style>\n<div class='flex_column av-6n716c-03be4412b229d4868301cf23ad8b078e av_one_half  avia-builder-el-3  el_before_av_one_half  avia-builder-el-first  first flex_column_div av-zero-column-padding '   ><div  class='avia-testimonial-wrapper av-kmddg3yj-914d158708489ca5dfee0588188858b3 avia-grid-testimonials avia-grid-2-testimonials avia_animate_when_almost_visible'  data-autoplay='1'  data-interval='5'  data-animation='fade'  data-hoverpause='1' >\n<section class=\"avia-testimonial-row\"><div class='avia-testimonial av-kmddfzu0-52da5d848b495a04d5a72838dfdecbc5 avia-testimonial-row-1 avia-first-testimonial flex_column no_margin av_one_half'><div class='avia-testimonial_inner'  itemscope=\"itemscope\" itemtype=\"https:\/\/schema.org\/CreativeWork\" ><div class='avia-testimonial-content '><div class='avia-testimonial-markup-entry-content'  itemprop=\"text\" ><blockquote>\n<p>Els nens s\u00f3n el recurs m\u00e9s valu\u00f3s i, a la vegada, m\u00e9s vulnerable del m\u00f3n. Ells s\u00f3n el nostre futur. Malgrat aix\u00f2, s\u00f3n els que gaudeixen de menys avantatges i que estan menys capacitats per a protegir-se a si mateixos i determinar el seu futur.<\/p>\n<\/blockquote>\n<\/div><\/div><div class=\"avia-testimonial-meta\"><div class=\"avia-testimonial-arrow-wrap\"><div class=\"avia-arrow\"><\/div><\/div><div class='avia-testimonial-meta-mini'  itemprop=\"author\" itemscope=\"itemscope\" itemtype=\"https:\/\/schema.org\/Person\" ><strong  class='avia-testimonial-name'  itemprop=\"name\" >James P. Grant<\/strong><span  class='avia-testimonial-subtitle '  itemprop=\"jobTitle\" >Director Executiu de Unicef (1980-1995)<\/span><span class='hidden avia-testimonial-markup-link'  itemprop=\"url\" >https:\/\/www.unicef.org\/spanish\/about\/who\/index_bio_grant.html<\/span><span class=\"avia-testimonial-subtitle-sep\">&ndash;<\/span><a class='aviablank avia-testimonial-link' href='https:\/\/www.unicef.org\/spanish\/about\/who\/index_bio_grant.html' rel=\u2019noopener noreferrer\u2019>Unicef<\/a><\/div><\/div><\/div><\/div>\n<\/section><\/div><\/div>\n<style type=\"text\/css\" data-created_by=\"avia_inline_auto\" id=\"style-css-av-6bzagc-a5558f7a9d1d88c1e51849c703c66efc\">\n.flex_column.av-6bzagc-a5558f7a9d1d88c1e51849c703c66efc{\nborder-radius:0px 0px 0px 0px;\n-webkit-border-radius:0px 0px 0px 0px;\n-moz-border-radius:0px 0px 0px 0px;\n}\n<\/style>\n<div class='flex_column av-6bzagc-a5558f7a9d1d88c1e51849c703c66efc av_one_half  avia-builder-el-5  el_after_av_one_half  avia-builder-el-last  flex_column_div av-zero-column-padding '   ><section  class='av_textblock_section av-69m76k-ac8a9d28670d0894065031f3ee2c5a17'  itemscope=\"itemscope\" itemtype=\"https:\/\/schema.org\/CreativeWork\" ><div class='avia_textblock'  itemprop=\"text\" ><p>Amb la inspiraci\u00f3 d\u2019aquestes paraules, la Fundaci\u00f3 Margarita Bocio ha estat creada per a oferir tota l\u2019ajuda possible al major nombre de desfavorits del m\u00f3n de la inf\u00e0ncia m\u00e9s proper. Per aquest motiu el Patronat de la Fundaci\u00f3 Margarita Bocio, estudiar\u00e0 totes i cadascuna de les sol\u00b7licituds que li arribin i estiguin relacionades amb el m\u00f3n de la inf\u00e0ncia.<\/p>\n<p>Es pret\u00e9n circumscriure aquesta ajuda al m\u00f3n proper, amb l\u2019esperan\u00e7a que, amb l\u2019ajuda de tothom qui conegui aquest projecte, es pugui ampliar el cercle d\u2019acci\u00f3 fins on D\u00e9u i les nostres forces ens ho permetin.<\/p>\n<\/div><\/section><\/div>\n\n<\/div><\/div><\/div><!-- close content main div --><\/div><div class='av-extra-border-element border-extra-arrow-down'><div class='av-extra-border-outer'><div class='av-extra-border-inner'><\/div><\/div><\/div><\/div>\n<style type=\"text\/css\" data-created_by=\"avia_inline_auto\" id=\"style-css-av-kmddstam-b73f2e8910003eecffbf334c48644701\">\n.avia-section.av-kmddstam-b73f2e8910003eecffbf334c48644701{\nbackground-color:#ca0000;\n}\n<\/style>\n<div id='av_section_3'  class='avia-section av-kmddstam-b73f2e8910003eecffbf334c48644701 main_color avia-section-default avia-no-border-styling  avia-builder-el-7  el_after_av_section  el_before_av_section  avia-bg-style-scroll container_wrap fullsize'  ><div class='container av-section-cont-open' ><div class='template-page content  av-content-full alpha units'><div class='post-entry post-entry-type-page post-entry-1854'><div class='entry-content-wrapper clearfix'>\n\n<style type=\"text\/css\" data-created_by=\"avia_inline_auto\" id=\"style-css-av-kmddp0ww-6f817ea05d8bb6f0426e19ca36c757fc\">\n.flex_column.av-kmddp0ww-6f817ea05d8bb6f0426e19ca36c757fc{\nborder-radius:0px 0px 0px 0px;\n-webkit-border-radius:0px 0px 0px 0px;\n-moz-border-radius:0px 0px 0px 0px;\n}\n<\/style>\n<div class='flex_column av-kmddp0ww-6f817ea05d8bb6f0426e19ca36c757fc av_three_fifth  avia-builder-el-8  el_before_av_two_fifth  avia-builder-el-first  first flex_column_div av-zero-column-padding '   ><style type=\"text\/css\" data-created_by=\"avia_inline_auto\" id=\"style-css-av-km9cttia-f56a4be3e58cae9ec4610c3be5bcc7b0\">\n#top .av_textblock_section.av-km9cttia-f56a4be3e58cae9ec4610c3be5bcc7b0 .avia_textblock{\ncolor:#ffffff;\n}\n<\/style>\n<section  class='av_textblock_section av-km9cttia-f56a4be3e58cae9ec4610c3be5bcc7b0'  itemscope=\"itemscope\" itemtype=\"https:\/\/schema.org\/CreativeWork\" ><div class='avia_textblock av_inherit_color'  itemprop=\"text\" ><p>Aquesta Fundaci\u00f3 porta el nom de Margarita Bocio en mem\u00f2ria de qui va ser una bona persona. Una bona persona v\u00edctima d\u2019una mala praxis m\u00e8dica.<\/p>\n<p>El seu marit aix\u00ed com tamb\u00e9 els seus fills, van fer-se el prop\u00f2sit que la seva mort no fos en va. \u00c9s per aix\u00f2 que van sol\u00b7licitar un informe de l\u2019error com\u00e8s per a poder incorporar els controls necessaris i, d\u2019aquesta manera, tractar d\u2019evitar repeticions futures. La falta de resposta als seus requeriments per part del centre sanitari, f\u00e9u que la fam\u00edlia opt\u00e9s per la via judicial, la qual va concloure amb una sent\u00e8ncia favorable.<\/p>\n<p>La indemnitzaci\u00f3 obtinguda s&#8217;ha destinat a la Fundaci\u00f3 Privada Margarida Bocio en mem\u00f2ria i homenatge a la v\u00edctima.<\/p>\n<\/div><\/section><\/div>\n<style type=\"text\/css\" data-created_by=\"avia_inline_auto\" id=\"style-css-av-68174-7c59ab1904846c2e1ab3703b16e548a4\">\n.flex_column.av-68174-7c59ab1904846c2e1ab3703b16e548a4{\nborder-radius:0px 0px 0px 0px;\n-webkit-border-radius:0px 0px 0px 0px;\n-moz-border-radius:0px 0px 0px 0px;\n}\n<\/style>\n<div class='flex_column av-68174-7c59ab1904846c2e1ab3703b16e548a4 av_two_fifth  avia-builder-el-10  el_after_av_three_fifth  avia-builder-el-last  flex_column_div av-zero-column-padding '   ><style type=\"text\/css\" data-created_by=\"avia_inline_auto\" id=\"style-css-av-kmddvshx-1df56e626e6d13d62889b87346f3b138\">\n.avia-image-container.av-kmddvshx-1df56e626e6d13d62889b87346f3b138 .av-image-caption-overlay-center{\ncolor:#ffffff;\n}\n<\/style>\n<div  class='avia-image-container av-kmddvshx-1df56e626e6d13d62889b87346f3b138 av-styling- avia-align-center  avia-builder-el-11  avia-builder-el-no-sibling '  itemprop=\"image\" itemscope=\"itemscope\" itemtype=\"https:\/\/schema.org\/ImageObject\" ><div class=\"avia-image-container-inner\"><div class=\"avia-image-overlay-wrap\"><img decoding=\"async\" class='wp-image-1202 avia-img-lazy-loading-not-1202 avia_image' src=\"http:\/\/fundacionmargaritabocio.org\/wp-content\/uploads\/2021\/03\/Margarita_Bocio-211x300.jpg\" alt='Margarita Bocio' title='Margarita_Bocio'  height=\"300\" width=\"211\"  itemprop=\"thumbnailUrl\" srcset=\"http:\/\/fundacionmargaritabocio.org\/wp-content\/uploads\/2021\/03\/Margarita_Bocio-211x300.jpg 211w, http:\/\/fundacionmargaritabocio.org\/wp-content\/uploads\/2021\/03\/Margarita_Bocio-726x1030.jpg 726w, http:\/\/fundacionmargaritabocio.org\/wp-content\/uploads\/2021\/03\/Margarita_Bocio-768x1090.jpg 768w, http:\/\/fundacionmargaritabocio.org\/wp-content\/uploads\/2021\/03\/Margarita_Bocio-497x705.jpg 497w, http:\/\/fundacionmargaritabocio.org\/wp-content\/uploads\/2021\/03\/Margarita_Bocio.jpg 1020w\" sizes=\"(max-width: 211px) 100vw, 211px\" \/><\/div><\/div><\/div><\/div>\n\n<\/div><\/div><\/div><!-- close content main div --><\/div><\/div>\n<style type=\"text\/css\" data-created_by=\"avia_inline_auto\" id=\"style-css-av-1ilf0g-321a059b9bfb5036f82e41e9472beb74\">\n.avia-section.av-1ilf0g-321a059b9bfb5036f82e41e9472beb74 .av-extra-border-element .av-extra-border-inner{\nbackground-color:#ffffff;\n}\n<\/style>\n<div id='av_section_4'  class='avia-section av-1ilf0g-321a059b9bfb5036f82e41e9472beb74 main_color avia-section-huge avia-no-border-styling  avia-builder-el-12  el_after_av_section  el_before_av_section  avia-bg-style-fixed av-arrow-down-section container_wrap fullsize'  ><div class='container av-section-cont-open' ><div class='template-page content  av-content-full alpha units'><div class='post-entry post-entry-type-page post-entry-1854'><div class='entry-content-wrapper clearfix'>\n\n<style type=\"text\/css\" data-created_by=\"avia_inline_auto\" id=\"style-css-av-1c9cd4-128c99009ccbe8518f03590635336b32\">\n.flex_column.av-1c9cd4-128c99009ccbe8518f03590635336b32{\nborder-radius:0px 0px 0px 0px;\n-webkit-border-radius:0px 0px 0px 0px;\n-moz-border-radius:0px 0px 0px 0px;\n}\n<\/style>\n<div class='flex_column av-1c9cd4-128c99009ccbe8518f03590635336b32 av_one_full  avia-builder-el-13  el_before_av_one_half  avia-builder-el-first  first flex_column_div av-zero-column-padding '   ><p>\n<style type=\"text\/css\" data-created_by=\"avia_inline_auto\" id=\"style-css-av-1b2a7k-7fe2e6c54b467430355431eec3b4f145\">\n#top .hr.hr-invisible.av-1b2a7k-7fe2e6c54b467430355431eec3b4f145{\nheight:50px;\n}\n<\/style>\n<div  class='hr av-1b2a7k-7fe2e6c54b467430355431eec3b4f145 hr-invisible  avia-builder-el-14  el_before_av_heading  avia-builder-el-first '><span class='hr-inner '><span class=\"hr-inner-style\"><\/span><\/span><\/div><br \/>\n\n<style type=\"text\/css\" data-created_by=\"avia_inline_auto\" id=\"style-css-av-159yzc-87259349614c79f4f118ef3ce5738fb6\">\n#top .av-special-heading.av-159yzc-87259349614c79f4f118ef3ce5738fb6{\npadding-bottom:0px;\nfont-size:50px;\n}\nbody .av-special-heading.av-159yzc-87259349614c79f4f118ef3ce5738fb6 .av-special-heading-tag .heading-char{\nfont-size:25px;\n}\n#top #wrap_all .av-special-heading.av-159yzc-87259349614c79f4f118ef3ce5738fb6 .av-special-heading-tag{\nfont-size:50px;\n}\n.av-special-heading.av-159yzc-87259349614c79f4f118ef3ce5738fb6 .av-subheading{\nfont-size:15px;\n}\n<\/style>\n<div  class='av-special-heading av-159yzc-87259349614c79f4f118ef3ce5738fb6 av-special-heading-h3 blockquote modern-quote modern-centered  avia-builder-el-15  el_after_av_hr  el_before_av_hr  av-inherit-size'><h3 class='av-special-heading-tag'  itemprop=\"headline\"  >Els nostres Valors<\/h3><div class=\"special-heading-border\"><div class=\"special-heading-inner-border\"><\/div><\/div><\/div><br \/>\n\n<style type=\"text\/css\" data-created_by=\"avia_inline_auto\" id=\"style-css-av-wf31k-0d4450fbc5350c056522b3a33c911db1\">\n#top .hr.av-wf31k-0d4450fbc5350c056522b3a33c911db1{\nmargin-top:15px;\nmargin-bottom:40px;\n}\n.hr.av-wf31k-0d4450fbc5350c056522b3a33c911db1 .hr-inner{\nwidth:50px;\nborder-color:#000000;\nmax-width:45%;\n}\n.hr.av-wf31k-0d4450fbc5350c056522b3a33c911db1 .av-seperator-icon{\ncolor:#d63e2d;\n}\n<\/style>\n<div  class='hr av-wf31k-0d4450fbc5350c056522b3a33c911db1 hr-custom  avia-builder-el-16  el_after_av_heading  avia-builder-el-last  hr-center hr-icon-yes'><span class='hr-inner inner-border-av-border-fat'><span class=\"hr-inner-style\"><\/span><\/span><span class='av-seperator-icon' aria-hidden='true' data-av_icon='\ue80b' data-av_iconfont='entypo-fontello'><\/span><span class='hr-inner inner-border-av-border-fat'><span class=\"hr-inner-style\"><\/span><\/span><\/div><\/p><\/div>\n<style type=\"text\/css\" data-created_by=\"avia_inline_auto\" id=\"style-css-av-q0834-61f2ae92316fc95f7416063bbd7f0b8a\">\n.flex_column.av-q0834-61f2ae92316fc95f7416063bbd7f0b8a{\nborder-radius:0px 0px 0px 0px;\n-webkit-border-radius:0px 0px 0px 0px;\n-moz-border-radius:0px 0px 0px 0px;\n}\n<\/style>\n<div class='flex_column av-q0834-61f2ae92316fc95f7416063bbd7f0b8a av_one_half  avia-builder-el-17  el_after_av_one_full  el_before_av_one_half  first flex_column_div av-zero-column-padding column-top-margin'   ><style type=\"text\/css\" data-created_by=\"avia_inline_auto\" id=\"style-css-av-kc43c-99232163cf7bba21ebe4d5dcf7610e02\">\n.avia-image-container.av-kc43c-99232163cf7bba21ebe4d5dcf7610e02 .av-image-caption-overlay-center{\ncolor:#ffffff;\n}\n<\/style>\n<div  class='avia-image-container av-kc43c-99232163cf7bba21ebe4d5dcf7610e02 av-styling- avia-align-center  avia-builder-el-18  avia-builder-el-no-sibling '  itemprop=\"image\" itemscope=\"itemscope\" itemtype=\"https:\/\/schema.org\/ImageObject\" ><div class=\"avia-image-container-inner\"><div class=\"avia-image-overlay-wrap\"><img decoding=\"async\" class='wp-image-1541 avia-img-lazy-loading-not-1541 avia_image' src=\"http:\/\/fundacionmargaritabocio.org\/wp-content\/uploads\/2018\/01\/quienes1.jpg\" alt='' title='quienes1.jpg'  height=\"258\" width=\"579\"  itemprop=\"thumbnailUrl\" srcset=\"http:\/\/fundacionmargaritabocio.org\/wp-content\/uploads\/2018\/01\/quienes1.jpg 579w, http:\/\/fundacionmargaritabocio.org\/wp-content\/uploads\/2018\/01\/quienes1-300x134.jpg 300w\" sizes=\"(max-width: 579px) 100vw, 579px\" \/><\/div><\/div><\/div><\/div>\n<style type=\"text\/css\" data-created_by=\"avia_inline_auto\" id=\"style-css-av-emrcg-0f6ab83b3f0c2719eff1fba6eec61119\">\n.flex_column.av-emrcg-0f6ab83b3f0c2719eff1fba6eec61119{\nborder-radius:0px 0px 0px 0px;\n-webkit-border-radius:0px 0px 0px 0px;\n-moz-border-radius:0px 0px 0px 0px;\n}\n<\/style>\n<div class='flex_column av-emrcg-0f6ab83b3f0c2719eff1fba6eec61119 av_one_half  avia-builder-el-19  el_after_av_one_half  avia-builder-el-last  flex_column_div av-zero-column-padding column-top-margin'   ><section  class='av_textblock_section av-bsqi8-630e2901c1cbdb6fd502dacf5c870594'  itemscope=\"itemscope\" itemtype=\"https:\/\/schema.org\/CreativeWork\" ><div class='avia_textblock'  itemprop=\"text\" ><p>Una plataforma solid\u00e0ria i altruista formada per un conjunt de persones:<\/p>\n<p>\u2022 <strong>Sensibles<\/strong> a la necessitat de contribuir a deixar un m\u00f3n millor que el que ens ha tocat viure.<\/p>\n<p>\u2022 <strong>Coneixedors<\/strong> que moltes petites accions poden donar uns grans fruits.<\/p>\n<p>\u2022 <strong>Conscients<\/strong> de la magnitud i dificultat de la nostra tasca, fet que ens encoratja i ens anima a seguir endavant sense caure en el des\u00e0nim.<\/p>\n<p>Ens consten les enormes necessitats que el m\u00f3n de la inf\u00e0ncia t\u00e9 arreu i tenim la convicci\u00f3 que la millor manera d\u2019apuntalar el futur \u00e9s millorar les condicions d\u2019aquesta infantesa m\u00e9s desfavorida per tal que puguin disposar d\u2019una bona formaci\u00f3 i poder cobrir les necessitats b\u00e0siques.<\/p>\n<\/div><\/section><\/div>\n\n<\/div><\/div><\/div><!-- close content main div --><\/div><div class='av-extra-border-element border-extra-arrow-down'><div class='av-extra-border-outer'><div class='av-extra-border-inner'><\/div><\/div><\/div><\/div><div id='av_section_5'  class='avia-section av-km9dgp4a-158d7c1406cf757f94823ee5dde2f4ea alternate_color avia-section-default avia-no-border-styling  avia-builder-el-21  el_after_av_section  el_before_av_section  avia-bg-style-scroll container_wrap fullsize'  ><div class='container av-section-cont-open' ><div class='template-page content  av-content-full alpha units'><div class='post-entry post-entry-type-page post-entry-1854'><div class='entry-content-wrapper clearfix'>\n\n<style type=\"text\/css\" data-created_by=\"avia_inline_auto\" id=\"style-css-av-km9dei77-c2b03c5ca47bf5c2bad64c34ef1fae24\">\n.flex_column.av-km9dei77-c2b03c5ca47bf5c2bad64c34ef1fae24{\nborder-radius:0px 0px 0px 0px;\n-webkit-border-radius:0px 0px 0px 0px;\n-moz-border-radius:0px 0px 0px 0px;\n}\n<\/style>\n<div class='flex_column av-km9dei77-c2b03c5ca47bf5c2bad64c34ef1fae24 av_one_full  avia-builder-el-22  el_before_av_one_half  avia-builder-el-first  first flex_column_div av-zero-column-padding '   ><p>\n<style type=\"text\/css\" data-created_by=\"avia_inline_auto\" id=\"style-css-av-1cgi2w-6e2da625250303ded01dd5322f68e1d6\">\n#top .hr.hr-invisible.av-1cgi2w-6e2da625250303ded01dd5322f68e1d6{\nheight:50px;\n}\n<\/style>\n<div  class='hr av-1cgi2w-6e2da625250303ded01dd5322f68e1d6 hr-invisible  avia-builder-el-23  el_before_av_heading  avia-builder-el-first '><span class='hr-inner '><span class=\"hr-inner-style\"><\/span><\/span><\/div><br \/>\n\n<style type=\"text\/css\" data-created_by=\"avia_inline_auto\" id=\"style-css-av-km9dci51-b034ab6e4384dc98a92138ae1a9a0b2b\">\n#top .av-special-heading.av-km9dci51-b034ab6e4384dc98a92138ae1a9a0b2b{\npadding-bottom:0px;\nfont-size:50px;\n}\nbody .av-special-heading.av-km9dci51-b034ab6e4384dc98a92138ae1a9a0b2b .av-special-heading-tag .heading-char{\nfont-size:25px;\n}\n#top #wrap_all .av-special-heading.av-km9dci51-b034ab6e4384dc98a92138ae1a9a0b2b .av-special-heading-tag{\nfont-size:50px;\n}\n.av-special-heading.av-km9dci51-b034ab6e4384dc98a92138ae1a9a0b2b .av-subheading{\nfont-size:15px;\n}\n<\/style>\n<div  class='av-special-heading av-km9dci51-b034ab6e4384dc98a92138ae1a9a0b2b av-special-heading-h3 blockquote modern-quote modern-centered  avia-builder-el-24  el_after_av_hr  el_before_av_hr  av-inherit-size'><h3 class='av-special-heading-tag'  itemprop=\"headline\"  >Objectius Fundacionals<\/h3><div class=\"special-heading-border\"><div class=\"special-heading-inner-border\"><\/div><\/div><\/div><br \/>\n\n<style type=\"text\/css\" data-created_by=\"avia_inline_auto\" id=\"style-css-av-km9dixxj-05bae6d45be3445bc14d106ac0a6360e\">\n#top .hr.av-km9dixxj-05bae6d45be3445bc14d106ac0a6360e{\nmargin-top:15px;\nmargin-bottom:40px;\n}\n.hr.av-km9dixxj-05bae6d45be3445bc14d106ac0a6360e .hr-inner{\nwidth:50px;\nborder-color:#000000;\nmax-width:45%;\n}\n.hr.av-km9dixxj-05bae6d45be3445bc14d106ac0a6360e .av-seperator-icon{\ncolor:#d63e2d;\n}\n<\/style>\n<div  class='hr av-km9dixxj-05bae6d45be3445bc14d106ac0a6360e hr-custom  avia-builder-el-25  el_after_av_heading  avia-builder-el-last  hr-center hr-icon-yes'><span class='hr-inner inner-border-av-border-fat'><span class=\"hr-inner-style\"><\/span><\/span><span class='av-seperator-icon' aria-hidden='true' data-av_icon='\ue845' data-av_iconfont='entypo-fontello'><\/span><span class='hr-inner inner-border-av-border-fat'><span class=\"hr-inner-style\"><\/span><\/span><\/div><\/p><\/div>\n<style type=\"text\/css\" data-created_by=\"avia_inline_auto\" id=\"style-css-av-19y480-9f01d288b856d1f5697c6ba307aa15c9\">\n.flex_column.av-19y480-9f01d288b856d1f5697c6ba307aa15c9{\nborder-radius:0px 0px 0px 0px;\n-webkit-border-radius:0px 0px 0px 0px;\n-moz-border-radius:0px 0px 0px 0px;\n}\n<\/style>\n<div class='flex_column av-19y480-9f01d288b856d1f5697c6ba307aa15c9 av_one_half  avia-builder-el-26  el_after_av_one_full  el_before_av_one_half  first flex_column_div av-zero-column-padding column-top-margin'   ><section  class='av_textblock_section av-km9ddiyz-7c07772d140c3a1a154394120e9bf634'  itemscope=\"itemscope\" itemtype=\"https:\/\/schema.org\/CreativeWork\" ><div class='avia_textblock'  itemprop=\"text\" ><p>Contribuir a millorar el m\u00f3n de la inf\u00e0ncia m\u00e9s propera tot procurant que les limitacions f\u00edsiques o ps\u00edquiques o l\u2019escassetat de recursos econ\u00f2mics no siguin un impediment per a la seva evoluci\u00f3 personal.<\/p>\n<p>Pretenem arribar al major nombre possible de nens que necessiten una joguina, una m\u00e0, un somriure&#8230; i tenim el convenciment que qualsevol esfor\u00e7 dirigit vers aquesta direcci\u00f3 sempre ser\u00e0 profit\u00f3s.<\/p>\n<p>La finalitat seria, doncs, contribu\u00efr a millorar en la mesura del possible el m\u00f3n que han de rebre les futures generacions.<\/p>\n<\/div><\/section><\/div>\n<style type=\"text\/css\" data-created_by=\"avia_inline_auto\" id=\"style-css-av-10cb5c-8e721286ef8d66fd695e0fd12e3d6c55\">\n.flex_column.av-10cb5c-8e721286ef8d66fd695e0fd12e3d6c55{\nborder-radius:0px 0px 0px 0px;\n-webkit-border-radius:0px 0px 0px 0px;\n-moz-border-radius:0px 0px 0px 0px;\n}\n<\/style>\n<div class='flex_column av-10cb5c-8e721286ef8d66fd695e0fd12e3d6c55 av_one_half  avia-builder-el-28  el_after_av_one_half  avia-builder-el-last  flex_column_div av-zero-column-padding column-top-margin'   ><style type=\"text\/css\" data-created_by=\"avia_inline_auto\" id=\"style-css-av-km9dlvvx-24a4d6bb518001d75ebfb0a0e6090f35\">\n.avia-image-container.av-km9dlvvx-24a4d6bb518001d75ebfb0a0e6090f35 .av-image-caption-overlay-center{\ncolor:#ffffff;\n}\n<\/style>\n<div  class='avia-image-container av-km9dlvvx-24a4d6bb518001d75ebfb0a0e6090f35 av-styling- avia-align-center  avia-builder-el-29  avia-builder-el-no-sibling '  itemprop=\"image\" itemscope=\"itemscope\" itemtype=\"https:\/\/schema.org\/ImageObject\" ><div class=\"avia-image-container-inner\"><div class=\"avia-image-overlay-wrap\"><img decoding=\"async\" class='wp-image-1859 avia-img-lazy-loading-not-1859 avia_image' src=\"http:\/\/fundacionmargaritabocio.org\/wp-content\/uploads\/2021\/03\/objetivos-300x200.jpg\" alt='' title='objetivos'  height=\"200\" width=\"300\"  itemprop=\"thumbnailUrl\" srcset=\"http:\/\/fundacionmargaritabocio.org\/wp-content\/uploads\/2021\/03\/objetivos-300x200.jpg 300w, http:\/\/fundacionmargaritabocio.org\/wp-content\/uploads\/2021\/03\/objetivos.jpg 579w\" sizes=\"(max-width: 300px) 100vw, 300px\" \/><\/div><\/div><\/div><\/div>\n\n<\/div><\/div><\/div><!-- close content main div --><\/div><\/div>\n<style type=\"text\/css\" data-created_by=\"avia_inline_auto\" id=\"style-css-av-41mpx0-de516dd342f1eb54dbc13e462e15cd10\">\n.avia-section.av-41mpx0-de516dd342f1eb54dbc13e462e15cd10 .av-extra-border-element .av-extra-border-inner{\nbackground-color:#ffffff;\n}\n<\/style>\n<div id='av_section_6'  class='avia-section av-41mpx0-de516dd342f1eb54dbc13e462e15cd10 main_color avia-section-huge avia-no-border-styling  avia-builder-el-30  el_after_av_section  avia-builder-el-last  avia-bg-style-fixed av-arrow-down-section container_wrap fullsize'  ><div class='container av-section-cont-open' ><div class='template-page content  av-content-full alpha units'><div class='post-entry post-entry-type-page post-entry-1854'><div class='entry-content-wrapper clearfix'>\n\n<style type=\"text\/css\" data-created_by=\"avia_inline_auto\" id=\"style-css-av-3trovg-3c843de1477381b928b6cd65e32298a6\">\n.flex_column.av-3trovg-3c843de1477381b928b6cd65e32298a6{\nborder-radius:0px 0px 0px 0px;\n-webkit-border-radius:0px 0px 0px 0px;\n-moz-border-radius:0px 0px 0px 0px;\n}\n<\/style>\n<div class='flex_column av-3trovg-3c843de1477381b928b6cd65e32298a6 av_one_full  avia-builder-el-31  el_before_av_one_half  avia-builder-el-first  first flex_column_div av-zero-column-padding '   ><p>\n<style type=\"text\/css\" data-created_by=\"avia_inline_auto\" id=\"style-css-av-3nwfxo-56cc39a8263d8d972cc71d87219416d2\">\n#top .av-special-heading.av-3nwfxo-56cc39a8263d8d972cc71d87219416d2{\npadding-bottom:0px;\nfont-size:50px;\n}\nbody .av-special-heading.av-3nwfxo-56cc39a8263d8d972cc71d87219416d2 .av-special-heading-tag .heading-char{\nfont-size:25px;\n}\n#top #wrap_all .av-special-heading.av-3nwfxo-56cc39a8263d8d972cc71d87219416d2 .av-special-heading-tag{\nfont-size:50px;\n}\n.av-special-heading.av-3nwfxo-56cc39a8263d8d972cc71d87219416d2 .av-subheading{\nfont-size:15px;\n}\n<\/style>\n<div  class='av-special-heading av-3nwfxo-56cc39a8263d8d972cc71d87219416d2 av-special-heading-h3 blockquote modern-quote modern-centered  avia-builder-el-32  el_before_av_hr  avia-builder-el-first  av-inherit-size'><h3 class='av-special-heading-tag'  itemprop=\"headline\"  >La nostra Hist\u00f2ria<\/h3><div class=\"special-heading-border\"><div class=\"special-heading-inner-border\"><\/div><\/div><\/div><br \/>\n\n<style type=\"text\/css\" data-created_by=\"avia_inline_auto\" id=\"style-css-av-3iqpz8-1b0e98b889ed45762397d64ad2c727cc\">\n#top .hr.av-3iqpz8-1b0e98b889ed45762397d64ad2c727cc{\nmargin-top:15px;\nmargin-bottom:40px;\n}\n.hr.av-3iqpz8-1b0e98b889ed45762397d64ad2c727cc .hr-inner{\nwidth:50px;\nborder-color:#000000;\nmax-width:45%;\n}\n.hr.av-3iqpz8-1b0e98b889ed45762397d64ad2c727cc .av-seperator-icon{\ncolor:#d63e2d;\n}\n<\/style>\n<div  class='hr av-3iqpz8-1b0e98b889ed45762397d64ad2c727cc hr-custom  avia-builder-el-33  el_after_av_heading  avia-builder-el-last  hr-center hr-icon-yes'><span class='hr-inner inner-border-av-border-fat'><span class=\"hr-inner-style\"><\/span><\/span><span class='av-seperator-icon' aria-hidden='true' data-av_icon='\ue85b' data-av_iconfont='entypo-fontello'><\/span><span class='hr-inner inner-border-av-border-fat'><span class=\"hr-inner-style\"><\/span><\/span><\/div><\/p><\/div>\n<style type=\"text\/css\" data-created_by=\"avia_inline_auto\" id=\"style-css-av-3d773w-0410869797a40656288ffd92d87a80b4\">\n.flex_column.av-3d773w-0410869797a40656288ffd92d87a80b4{\nborder-radius:0px 0px 0px 0px;\n-webkit-border-radius:0px 0px 0px 0px;\n-moz-border-radius:0px 0px 0px 0px;\n}\n<\/style>\n<div class='flex_column av-3d773w-0410869797a40656288ffd92d87a80b4 av_one_half  avia-builder-el-34  el_after_av_one_full  el_before_av_one_half  first flex_column_div av-zero-column-padding column-top-margin'   ><p>\n<style type=\"text\/css\" data-created_by=\"avia_inline_auto\" id=\"style-css-av-36uqkk-07e0c012f83cf148522862b3bc70ec61\">\n#top .av-special-heading.av-36uqkk-07e0c012f83cf148522862b3bc70ec61{\npadding-bottom:0px;\nfont-size:25px;\n}\nbody .av-special-heading.av-36uqkk-07e0c012f83cf148522862b3bc70ec61 .av-special-heading-tag .heading-char{\nfont-size:25px;\n}\n#top #wrap_all .av-special-heading.av-36uqkk-07e0c012f83cf148522862b3bc70ec61 .av-special-heading-tag{\nfont-size:25px;\n}\n.av-special-heading.av-36uqkk-07e0c012f83cf148522862b3bc70ec61 .av-subheading{\nfont-size:15px;\n}\n<\/style>\n<div  class='av-special-heading av-36uqkk-07e0c012f83cf148522862b3bc70ec61 av-special-heading-h3 blockquote modern-quote  avia-builder-el-35  el_before_av_textblock  avia-builder-el-first  av-inherit-size'><h3 class='av-special-heading-tag'  itemprop=\"headline\"  >2011<\/h3><div class=\"special-heading-border\"><div class=\"special-heading-inner-border\"><\/div><\/div><\/div><br \/>\n<section  class='av_textblock_section av-30mmo4-490db03879d09dfe2b904f5c2f042fa4'  itemscope=\"itemscope\" itemtype=\"https:\/\/schema.org\/CreativeWork\" ><div class='avia_textblock'  itemprop=\"text\" ><p>Es posa en marxa la Fundaci\u00f3n Margarita Bocio, amb l&#8217;ajuda a la inf\u00e0ncia desfavorida com a objectiu principal. Les primeres col\u00b7laboracions van ser amb el centre La Muntanyeta de l&#8217;Associaci\u00f3 Provincial de Par\u00e0lisi Cerebral de Tarragona, ajudant a l&#8217;escola d&#8217;estiu, aix\u00ed com amb el Col\u00b7legi Rubi\u00f3 i Ors, en un projecte de reutilitzaci\u00f3 de llibres.<\/p>\n<\/div><\/section><\/p><\/div>\n<style type=\"text\/css\" data-created_by=\"avia_inline_auto\" id=\"style-css-av-2v7l2c-4435d6e85fe8755924af8de049921565\">\n.flex_column.av-2v7l2c-4435d6e85fe8755924af8de049921565{\nborder-radius:0px 0px 0px 0px;\n-webkit-border-radius:0px 0px 0px 0px;\n-moz-border-radius:0px 0px 0px 0px;\n}\n<\/style>\n<div class='flex_column av-2v7l2c-4435d6e85fe8755924af8de049921565 av_one_half  avia-builder-el-37  el_after_av_one_half  el_before_av_one_half  flex_column_div av-zero-column-padding column-top-margin'   ><p>\n<style type=\"text\/css\" data-created_by=\"avia_inline_auto\" id=\"style-css-av-2rt778-113817e03463b622391c4d4a7c0dafbc\">\n#top .av-special-heading.av-2rt778-113817e03463b622391c4d4a7c0dafbc{\npadding-bottom:0px;\nfont-size:25px;\n}\nbody .av-special-heading.av-2rt778-113817e03463b622391c4d4a7c0dafbc .av-special-heading-tag .heading-char{\nfont-size:25px;\n}\n#top #wrap_all .av-special-heading.av-2rt778-113817e03463b622391c4d4a7c0dafbc .av-special-heading-tag{\nfont-size:25px;\n}\n.av-special-heading.av-2rt778-113817e03463b622391c4d4a7c0dafbc .av-subheading{\nfont-size:15px;\n}\n<\/style>\n<div  class='av-special-heading av-2rt778-113817e03463b622391c4d4a7c0dafbc av-special-heading-h3 blockquote modern-quote  avia-builder-el-38  el_before_av_textblock  avia-builder-el-first  av-inherit-size'><h3 class='av-special-heading-tag'  itemprop=\"headline\"  >2015<\/h3><div class=\"special-heading-border\"><div class=\"special-heading-inner-border\"><\/div><\/div><\/div><br \/>\n<section  class='av_textblock_section av-2lhrp8-01bf8e93c7e9f6fea32734c924518b2e'  itemscope=\"itemscope\" itemtype=\"https:\/\/schema.org\/CreativeWork\" ><div class='avia_textblock'  itemprop=\"text\" ><p>La Fundaci\u00f3n Margarita Bocio at\u00e9n sol\u00b7licituds per un import de 46.855,64 \u20ac en l&#8217;any 2015. El total de peticions ateses des de la constituci\u00f3 de la Fundaci\u00f3 \u00e9s de 142.221,16 \u20ac, col\u00b7laborant amb: Fundaci\u00f3 Moss\u00e8n Frederic Bara i Cortiella, C\u00e0rites Parroquial Sant Joan de Reus, Fechab i diversos col\u00b7legis de Reus.<\/p>\n<\/div><\/section><\/p><\/div>\n<style type=\"text\/css\" data-created_by=\"avia_inline_auto\" id=\"style-css-av-2elodg-bff368972f3e3a2efdd63067de8a0a6c\">\n.flex_column.av-2elodg-bff368972f3e3a2efdd63067de8a0a6c{\nborder-radius:0px 0px 0px 0px;\n-webkit-border-radius:0px 0px 0px 0px;\n-moz-border-radius:0px 0px 0px 0px;\n}\n<\/style>\n<div class='flex_column av-2elodg-bff368972f3e3a2efdd63067de8a0a6c av_one_half  avia-builder-el-40  el_after_av_one_half  el_before_av_one_half  first flex_column_div av-zero-column-padding column-top-margin'   ><p>\n<style type=\"text\/css\" data-created_by=\"avia_inline_auto\" id=\"style-css-av-2awvic-762553b2d442be986061fecc743d1d3b\">\n#top .av-special-heading.av-2awvic-762553b2d442be986061fecc743d1d3b{\npadding-bottom:0px;\nfont-size:25px;\n}\nbody .av-special-heading.av-2awvic-762553b2d442be986061fecc743d1d3b .av-special-heading-tag .heading-char{\nfont-size:25px;\n}\n#top #wrap_all .av-special-heading.av-2awvic-762553b2d442be986061fecc743d1d3b .av-special-heading-tag{\nfont-size:25px;\n}\n.av-special-heading.av-2awvic-762553b2d442be986061fecc743d1d3b .av-subheading{\nfont-size:15px;\n}\n<\/style>\n<div  class='av-special-heading av-2awvic-762553b2d442be986061fecc743d1d3b av-special-heading-h3 blockquote modern-quote  avia-builder-el-41  el_before_av_textblock  avia-builder-el-first  av-inherit-size'><h3 class='av-special-heading-tag'  itemprop=\"headline\"  >2019<\/h3><div class=\"special-heading-border\"><div class=\"special-heading-inner-border\"><\/div><\/div><\/div><br \/>\n<section  class='av_textblock_section av-22t1c4-f2d84064bac1c679dae6312122fe2393'  itemscope=\"itemscope\" itemtype=\"https:\/\/schema.org\/CreativeWork\" ><div class='avia_textblock'  itemprop=\"text\" ><p>M\u00e9s de 300 nens s&#8217;han beneficiat durant 2019 de el suport de la Fundaci\u00f3: ajudes menjador, casal d&#8217;estiu, classes de refor\u00e7, col\u00f2nies, ajuda per a la compra d&#8217;ulleres, llibres i altre material escolar, transport, sortides i viatge fi de curs, aix\u00ed com un projecte de ter\u00e0pia amb gossos.<\/p>\n<\/div><\/section><\/p><\/div>\n<style type=\"text\/css\" data-created_by=\"avia_inline_auto\" id=\"style-css-av-1w047g-ba22fb83f018646c0b635f3e0cdd9bab\">\n.flex_column.av-1w047g-ba22fb83f018646c0b635f3e0cdd9bab{\nborder-radius:0px 0px 0px 0px;\n-webkit-border-radius:0px 0px 0px 0px;\n-moz-border-radius:0px 0px 0px 0px;\n}\n<\/style>\n<div class='flex_column av-1w047g-ba22fb83f018646c0b635f3e0cdd9bab av_one_half  avia-builder-el-43  el_after_av_one_half  avia-builder-el-last  flex_column_div av-zero-column-padding column-top-margin'   ><p>\n<style type=\"text\/css\" data-created_by=\"avia_inline_auto\" id=\"style-css-av-1pl1j8-fd2fb9313b0039c1c79bdfcc96d79983\">\n#top .av-special-heading.av-1pl1j8-fd2fb9313b0039c1c79bdfcc96d79983{\npadding-bottom:0px;\nfont-size:25px;\n}\nbody .av-special-heading.av-1pl1j8-fd2fb9313b0039c1c79bdfcc96d79983 .av-special-heading-tag .heading-char{\nfont-size:25px;\n}\n#top #wrap_all .av-special-heading.av-1pl1j8-fd2fb9313b0039c1c79bdfcc96d79983 .av-special-heading-tag{\nfont-size:25px;\n}\n.av-special-heading.av-1pl1j8-fd2fb9313b0039c1c79bdfcc96d79983 .av-subheading{\nfont-size:15px;\n}\n<\/style>\n<div  class='av-special-heading av-1pl1j8-fd2fb9313b0039c1c79bdfcc96d79983 av-special-heading-h3 blockquote modern-quote  avia-builder-el-44  el_before_av_textblock  avia-builder-el-first  av-inherit-size'><h3 class='av-special-heading-tag'  itemprop=\"headline\"  >2021<\/h3><div class=\"special-heading-border\"><div class=\"special-heading-inner-border\"><\/div><\/div><\/div><br \/>\n<section  class='av_textblock_section av-1k7tik-8ad176699662d0883260ab98cf76bc0d'  itemscope=\"itemscope\" itemtype=\"https:\/\/schema.org\/CreativeWork\" ><div class='avia_textblock'  itemprop=\"text\" ><p>La Fundaci\u00f3 compleix 10 anys. Continua la col\u00b7laboraci\u00f3 amb la Fundaci\u00f3 Moss\u00e8n Frederic Bara Cortiella i amb diferents centres escolars. Fins a l&#8217;any 2021 ja s&#8217;han acumulat ajudes per import superior a la quantia de l&#8217;capital fundacional de la Fundaci\u00f3.<\/p>\n<\/div><\/section><\/p><\/div>\n\n","protected":false},"excerpt":{"rendered":"","protected":false},"author":2,"featured_media":0,"parent":0,"menu_order":0,"comment_status":"closed","ping_status":"closed","template":"","meta":{"footnotes":""},"class_list":["post-1854","page","type-page","status-publish","hentry"],"_links":{"self":[{"href":"http:\/\/fundacionmargaritabocio.org\/ca\/wp-json\/wp\/v2\/pages\/1854","targetHints":{"allow":["GET"]}}],"collection":[{"href":"http:\/\/fundacionmargaritabocio.org\/ca\/wp-json\/wp\/v2\/pages"}],"about":[{"href":"http:\/\/fundacionmargaritabocio.org\/ca\/wp-json\/wp\/v2\/types\/page"}],"author":[{"embeddable":true,"href":"http:\/\/fundacionmargaritabocio.org\/ca\/wp-json\/wp\/v2\/users\/2"}],"replies":[{"embeddable":true,"href":"http:\/\/fundacionmargaritabocio.org\/ca\/wp-json\/wp\/v2\/comments?post=1854"}],"version-history":[{"count":7,"href":"http:\/\/fundacionmargaritabocio.org\/ca\/wp-json\/wp\/v2\/pages\/1854\/revisions"}],"predecessor-version":[{"id":1954,"href":"http:\/\/fundacionmargaritabocio.org\/ca\/wp-json\/wp\/v2\/pages\/1854\/revisions\/1954"}],"wp:attachment":[{"href":"http:\/\/fundacionmargaritabocio.org\/ca\/wp-json\/wp\/v2\/media?parent=1854"}],"curies":[{"name":"wp","href":"https:\/\/api.w.org\/{rel}","templated":true}]}}