{"id":496,"date":"2021-03-14T15:59:54","date_gmt":"2021-03-14T15:59:54","guid":{"rendered":"http:\/\/fundacionmargaritabocio.org\/?page_id=496"},"modified":"2021-04-04T21:46:30","modified_gmt":"2021-04-04T20:46:30","slug":"quienes-somos","status":"publish","type":"page","link":"http:\/\/fundacionmargaritabocio.org\/es\/quienes-somos\/","title":{"rendered":"Qui\u00e9nes Somos"},"content":{"rendered":"\n<style type=\"text\/css\" data-created_by=\"avia_inline_auto\" id=\"style-css-av-75nt9w-e3be006f27f18c6db48493e867e7f2a6\">\n.avia-section.av-75nt9w-e3be006f27f18c6db48493e867e7f2a6{\nbackground-repeat:no-repeat;\nbackground-image:url(http:\/\/fundacionmargaritabocio.org\/wp-content\/uploads\/2021\/03\/wood-play-flower-petal-heart-construction-965379-pxhere.com_.jpg);\nbackground-position:50% 0%;\nbackground-attachment:scroll;\n}\n.avia-section.av-75nt9w-e3be006f27f18c6db48493e867e7f2a6 .av-extra-border-element .av-extra-border-inner{\nbackground-color:#ffffff;\n}\n<\/style>\n<div id='av_section_1'  class='avia-section av-75nt9w-e3be006f27f18c6db48493e867e7f2a6 alternate_color avia-section-huge avia-no-border-styling  avia-builder-el-0  el_before_av_section  avia-builder-el-first  avia-full-stretch avia-bg-style-scroll av-minimum-height av-minimum-height-50  container_wrap fullsize'  data-section-bg-repeat='stretch' data-av_minimum_height_pc='50'><div class='container av-section-cont-open' ><main  role=\"main\" itemprop=\"mainContentOfPage\"  class='template-page content  av-content-full alpha units'><div class='post-entry post-entry-type-page post-entry-496'><div class='entry-content-wrapper clearfix'>\n\n<style type=\"text\/css\" data-created_by=\"avia_inline_auto\" id=\"style-css-av-6yputg-ad83cc98cdfbb16ca701cccd1d3e00cf\">\n#top .av-special-heading.av-6yputg-ad83cc98cdfbb16ca701cccd1d3e00cf{\npadding-bottom:0px;\ncolor:#ffffff;\nfont-size:90px;\n}\nbody .av-special-heading.av-6yputg-ad83cc98cdfbb16ca701cccd1d3e00cf .av-special-heading-tag .heading-char{\nfont-size:25px;\n}\n#top #wrap_all .av-special-heading.av-6yputg-ad83cc98cdfbb16ca701cccd1d3e00cf .av-special-heading-tag{\nfont-size:90px;\n}\n.av-special-heading.av-6yputg-ad83cc98cdfbb16ca701cccd1d3e00cf .special-heading-inner-border{\nborder-color:#ffffff;\n}\n.av-special-heading.av-6yputg-ad83cc98cdfbb16ca701cccd1d3e00cf .av-subheading{\nfont-size:15px;\n}\n<\/style>\n<div  class='av-special-heading av-6yputg-ad83cc98cdfbb16ca701cccd1d3e00cf av-special-heading-h3 custom-color-heading blockquote modern-quote modern-centered  avia-builder-el-1  avia-builder-el-no-sibling  av-inherit-size'><h3 class='av-special-heading-tag'  itemprop=\"headline\"  >La Fundaci\u00f3n<\/h3><div class=\"special-heading-border\"><div class=\"special-heading-inner-border\"><\/div><\/div><\/div>\n\n<\/div><\/div><\/main><!-- close content main element --><\/div><div class='av-extra-border-element border-extra-diagonal  '><div class='av-extra-border-outer'><div class='av-extra-border-inner'><\/div><\/div><\/div><\/div>\n<style type=\"text\/css\" data-created_by=\"avia_inline_auto\" id=\"style-css-av-6xpxlw-01b1538b5342a10706df8067ee4f393e\">\n.avia-section.av-6xpxlw-01b1538b5342a10706df8067ee4f393e .av-extra-border-element .av-extra-border-inner{\nbackground-color:#ffffff;\n}\n<\/style>\n<div id='av_section_2'  class='avia-section av-6xpxlw-01b1538b5342a10706df8067ee4f393e main_color avia-section-huge avia-no-border-styling  avia-builder-el-2  el_after_av_section  el_before_av_section  avia-bg-style-fixed av-arrow-down-section container_wrap fullsize'  ><div class='container av-section-cont-open' ><div class='template-page content  av-content-full alpha units'><div class='post-entry post-entry-type-page post-entry-496'><div class='entry-content-wrapper clearfix'>\n\n<style type=\"text\/css\" data-created_by=\"avia_inline_auto\" id=\"style-css-av-6n716c-03be4412b229d4868301cf23ad8b078e\">\n.flex_column.av-6n716c-03be4412b229d4868301cf23ad8b078e{\nborder-radius:0px 0px 0px 0px;\n-webkit-border-radius:0px 0px 0px 0px;\n-moz-border-radius:0px 0px 0px 0px;\n}\n<\/style>\n<div class='flex_column av-6n716c-03be4412b229d4868301cf23ad8b078e av_one_half  avia-builder-el-3  el_before_av_one_half  avia-builder-el-first  first flex_column_div av-zero-column-padding '   ><div  class='avia-testimonial-wrapper av-kmddg3yj-914d158708489ca5dfee0588188858b3 avia-grid-testimonials avia-grid-2-testimonials avia_animate_when_almost_visible'  data-autoplay='1'  data-interval='5'  data-animation='fade'  data-hoverpause='1' >\n<section class=\"avia-testimonial-row\"><div class='avia-testimonial av-kmddfzu0-bba7700e4e127b0bad9bffd0ad5253cd avia-testimonial-row-1 avia-first-testimonial flex_column no_margin av_one_half'><div class='avia-testimonial_inner'  itemscope=\"itemscope\" itemtype=\"https:\/\/schema.org\/CreativeWork\" ><div class='avia-testimonial-content '><div class='avia-testimonial-markup-entry-content'  itemprop=\"text\" ><blockquote>\n<p>Los ni\u00f1os son, simult\u00e1neamente, el recurso m\u00e1s valioso y m\u00e1s vulnerable del mundo. Ellos son nuestro futuro. Pero, a pesar de ello, son los seres que disfrutan de menores ventajas y que est\u00e1n menos capacitados para protegerse a s\u00ed mismos y determinar su futuro.<\/p>\n<\/blockquote>\n<\/div><\/div><div class=\"avia-testimonial-meta\"><div class=\"avia-testimonial-arrow-wrap\"><div class=\"avia-arrow\"><\/div><\/div><div class='avia-testimonial-meta-mini'  itemprop=\"author\" itemscope=\"itemscope\" itemtype=\"https:\/\/schema.org\/Person\" ><strong  class='avia-testimonial-name'  itemprop=\"name\" >James P. Grant<\/strong><span  class='avia-testimonial-subtitle '  itemprop=\"jobTitle\" >Director Ejecutivo de Unicef (1980-1995)<\/span><span class='hidden avia-testimonial-markup-link'  itemprop=\"url\" >https:\/\/www.unicef.org\/spanish\/about\/who\/index_bio_grant.html<\/span><span class=\"avia-testimonial-subtitle-sep\">&ndash;<\/span><a class='aviablank avia-testimonial-link' href='https:\/\/www.unicef.org\/spanish\/about\/who\/index_bio_grant.html' rel=\u2019noopener noreferrer\u2019>Unicef<\/a><\/div><\/div><\/div><\/div>\n<\/section><\/div><\/div>\n<style type=\"text\/css\" data-created_by=\"avia_inline_auto\" id=\"style-css-av-6bzagc-a5558f7a9d1d88c1e51849c703c66efc\">\n.flex_column.av-6bzagc-a5558f7a9d1d88c1e51849c703c66efc{\nborder-radius:0px 0px 0px 0px;\n-webkit-border-radius:0px 0px 0px 0px;\n-moz-border-radius:0px 0px 0px 0px;\n}\n<\/style>\n<div class='flex_column av-6bzagc-a5558f7a9d1d88c1e51849c703c66efc av_one_half  avia-builder-el-5  el_after_av_one_half  avia-builder-el-last  flex_column_div av-zero-column-padding '   ><section  class='av_textblock_section av-69m76k-ac8a9d28670d0894065031f3ee2c5a17'  itemscope=\"itemscope\" itemtype=\"https:\/\/schema.org\/CreativeWork\" ><div class='avia_textblock'  itemprop=\"text\" ><p>Con la inspiraci\u00f3n de estas palabras, la Fundaci\u00f3n Margarita Bocio ha sido creada para prestar cuanta ayuda sea posible al mayor n\u00famero de desfavorecidos del mundo de la infancia m\u00e1s pr\u00f3ximo. Por ello el Patronato de la Fundaci\u00f3n estudiar\u00e1 todas las solicitudes que lleguen a su conocimiento y tengan que ver con el mundo de la infancia.<\/p>\n<p>Se pretende priorizar este apoyo a un entorno cercano, con la esperanza de que, con la ayuda de cuantos conozcan este proyecto, se pueda ampliar el c\u00edrculo de acci\u00f3n y llegar hasta donde Dios y nuestras fuerzas nos lo permitan.<\/p>\n<\/div><\/section><\/div>\n\n<\/div><\/div><\/div><!-- close content main div --><\/div><div class='av-extra-border-element border-extra-arrow-down'><div class='av-extra-border-outer'><div class='av-extra-border-inner'><\/div><\/div><\/div><\/div>\n<style type=\"text\/css\" data-created_by=\"avia_inline_auto\" id=\"style-css-av-kmddstam-b73f2e8910003eecffbf334c48644701\">\n.avia-section.av-kmddstam-b73f2e8910003eecffbf334c48644701{\nbackground-color:#ca0000;\n}\n<\/style>\n<div id='av_section_3'  class='avia-section av-kmddstam-b73f2e8910003eecffbf334c48644701 main_color avia-section-default avia-no-border-styling  avia-builder-el-7  el_after_av_section  el_before_av_section  avia-bg-style-scroll container_wrap fullsize'  ><div class='container av-section-cont-open' ><div class='template-page content  av-content-full alpha units'><div class='post-entry post-entry-type-page post-entry-496'><div class='entry-content-wrapper clearfix'>\n\n<style type=\"text\/css\" data-created_by=\"avia_inline_auto\" id=\"style-css-av-kmddp0ww-6f817ea05d8bb6f0426e19ca36c757fc\">\n.flex_column.av-kmddp0ww-6f817ea05d8bb6f0426e19ca36c757fc{\nborder-radius:0px 0px 0px 0px;\n-webkit-border-radius:0px 0px 0px 0px;\n-moz-border-radius:0px 0px 0px 0px;\n}\n<\/style>\n<div class='flex_column av-kmddp0ww-6f817ea05d8bb6f0426e19ca36c757fc av_three_fifth  avia-builder-el-8  el_before_av_two_fifth  avia-builder-el-first  first flex_column_div av-zero-column-padding '   ><style type=\"text\/css\" data-created_by=\"avia_inline_auto\" id=\"style-css-av-km9cttia-f56a4be3e58cae9ec4610c3be5bcc7b0\">\n#top .av_textblock_section.av-km9cttia-f56a4be3e58cae9ec4610c3be5bcc7b0 .avia_textblock{\ncolor:#ffffff;\n}\n<\/style>\n<section  class='av_textblock_section av-km9cttia-f56a4be3e58cae9ec4610c3be5bcc7b0'  itemscope=\"itemscope\" itemtype=\"https:\/\/schema.org\/CreativeWork\" ><div class='avia_textblock av_inherit_color'  itemprop=\"text\" ><p>Esta fundaci\u00f3n lleva el nombre de Margarita Bocio que fue una buena persona. Una buena persona que fue v\u00edctima de una mala praxis m\u00e9dica.<\/p>\n<p>Su marido y sus hijos se propusieron que esa muerte no quedara en una muerte absurda y sin sentido. Solicitaron un an\u00e1lisis del error cometido con vistas a incorporar los controles necesarios para evitar, en lo humanamente posible, una repetici\u00f3n. No lo consiguieron y tuvieron que acudir a una reclamaci\u00f3n judicial que ha desembocado en un fallo favorable.<\/p>\n<p>La indemnizaci\u00f3n obtenida se ha destinado a esta Fundaci\u00f3n privada en su memoria y a modo de homenaje.<\/p>\n<\/div><\/section><\/div>\n<style type=\"text\/css\" data-created_by=\"avia_inline_auto\" id=\"style-css-av-68174-7c59ab1904846c2e1ab3703b16e548a4\">\n.flex_column.av-68174-7c59ab1904846c2e1ab3703b16e548a4{\nborder-radius:0px 0px 0px 0px;\n-webkit-border-radius:0px 0px 0px 0px;\n-moz-border-radius:0px 0px 0px 0px;\n}\n<\/style>\n<div class='flex_column av-68174-7c59ab1904846c2e1ab3703b16e548a4 av_two_fifth  avia-builder-el-10  el_after_av_three_fifth  avia-builder-el-last  flex_column_div av-zero-column-padding '   ><style type=\"text\/css\" data-created_by=\"avia_inline_auto\" id=\"style-css-av-kmddvshx-fe7d540a32def9d7c981913ad8f6468c\">\n.avia-image-container.av-kmddvshx-fe7d540a32def9d7c981913ad8f6468c .av-image-caption-overlay-center{\ncolor:#ffffff;\n}\n<\/style>\n<div  class='avia-image-container av-kmddvshx-fe7d540a32def9d7c981913ad8f6468c av-styling- avia-align-center  avia-builder-el-11  avia-builder-el-no-sibling '  itemprop=\"image\" itemscope=\"itemscope\" itemtype=\"https:\/\/schema.org\/ImageObject\" ><div class=\"avia-image-container-inner\"><div class=\"avia-image-overlay-wrap\"><img decoding=\"async\" class='wp-image-1201 avia-img-lazy-loading-not-1201 avia_image' src=\"http:\/\/fundacionmargaritabocio.org\/wp-content\/uploads\/2021\/03\/Margarita_Bocio-211x300.jpg\" alt='Margarita Bocio' title='Margarita Bocio'  height=\"300\" width=\"211\"  itemprop=\"thumbnailUrl\" srcset=\"http:\/\/fundacionmargaritabocio.org\/wp-content\/uploads\/2021\/03\/Margarita_Bocio-211x300.jpg 211w, http:\/\/fundacionmargaritabocio.org\/wp-content\/uploads\/2021\/03\/Margarita_Bocio-726x1030.jpg 726w, http:\/\/fundacionmargaritabocio.org\/wp-content\/uploads\/2021\/03\/Margarita_Bocio-768x1090.jpg 768w, http:\/\/fundacionmargaritabocio.org\/wp-content\/uploads\/2021\/03\/Margarita_Bocio-497x705.jpg 497w, http:\/\/fundacionmargaritabocio.org\/wp-content\/uploads\/2021\/03\/Margarita_Bocio.jpg 1020w\" sizes=\"(max-width: 211px) 100vw, 211px\" \/><\/div><\/div><\/div><\/div>\n\n<\/div><\/div><\/div><!-- close content main div --><\/div><\/div>\n<style type=\"text\/css\" data-created_by=\"avia_inline_auto\" id=\"style-css-av-1ilf0g-321a059b9bfb5036f82e41e9472beb74\">\n.avia-section.av-1ilf0g-321a059b9bfb5036f82e41e9472beb74 .av-extra-border-element .av-extra-border-inner{\nbackground-color:#ffffff;\n}\n<\/style>\n<div id='av_section_4'  class='avia-section av-1ilf0g-321a059b9bfb5036f82e41e9472beb74 main_color avia-section-huge avia-no-border-styling  avia-builder-el-12  el_after_av_section  el_before_av_section  avia-bg-style-fixed av-arrow-down-section container_wrap fullsize'  ><div class='container av-section-cont-open' ><div class='template-page content  av-content-full alpha units'><div class='post-entry post-entry-type-page post-entry-496'><div class='entry-content-wrapper clearfix'>\n\n<style type=\"text\/css\" data-created_by=\"avia_inline_auto\" id=\"style-css-av-1c9cd4-128c99009ccbe8518f03590635336b32\">\n.flex_column.av-1c9cd4-128c99009ccbe8518f03590635336b32{\nborder-radius:0px 0px 0px 0px;\n-webkit-border-radius:0px 0px 0px 0px;\n-moz-border-radius:0px 0px 0px 0px;\n}\n<\/style>\n<div class='flex_column av-1c9cd4-128c99009ccbe8518f03590635336b32 av_one_full  avia-builder-el-13  el_before_av_one_half  avia-builder-el-first  first flex_column_div av-zero-column-padding '   ><p>\n<style type=\"text\/css\" data-created_by=\"avia_inline_auto\" id=\"style-css-av-1b2a7k-7fe2e6c54b467430355431eec3b4f145\">\n#top .hr.hr-invisible.av-1b2a7k-7fe2e6c54b467430355431eec3b4f145{\nheight:50px;\n}\n<\/style>\n<div  class='hr av-1b2a7k-7fe2e6c54b467430355431eec3b4f145 hr-invisible  avia-builder-el-14  el_before_av_heading  avia-builder-el-first '><span class='hr-inner '><span class=\"hr-inner-style\"><\/span><\/span><\/div><br \/>\n\n<style type=\"text\/css\" data-created_by=\"avia_inline_auto\" id=\"style-css-av-159yzc-f4472e853a8f0ef9eac4df555bb193df\">\n#top .av-special-heading.av-159yzc-f4472e853a8f0ef9eac4df555bb193df{\npadding-bottom:0px;\nfont-size:50px;\n}\nbody .av-special-heading.av-159yzc-f4472e853a8f0ef9eac4df555bb193df .av-special-heading-tag .heading-char{\nfont-size:25px;\n}\n#top #wrap_all .av-special-heading.av-159yzc-f4472e853a8f0ef9eac4df555bb193df .av-special-heading-tag{\nfont-size:50px;\n}\n.av-special-heading.av-159yzc-f4472e853a8f0ef9eac4df555bb193df .av-subheading{\nfont-size:15px;\n}\n<\/style>\n<div  class='av-special-heading av-159yzc-f4472e853a8f0ef9eac4df555bb193df av-special-heading-h3 blockquote modern-quote modern-centered  avia-builder-el-15  el_after_av_hr  el_before_av_hr  av-inherit-size'><h3 class='av-special-heading-tag'  itemprop=\"headline\"  >Nuestros Valores<\/h3><div class=\"special-heading-border\"><div class=\"special-heading-inner-border\"><\/div><\/div><\/div><br \/>\n\n<style type=\"text\/css\" data-created_by=\"avia_inline_auto\" id=\"style-css-av-wf31k-0d4450fbc5350c056522b3a33c911db1\">\n#top .hr.av-wf31k-0d4450fbc5350c056522b3a33c911db1{\nmargin-top:15px;\nmargin-bottom:40px;\n}\n.hr.av-wf31k-0d4450fbc5350c056522b3a33c911db1 .hr-inner{\nwidth:50px;\nborder-color:#000000;\nmax-width:45%;\n}\n.hr.av-wf31k-0d4450fbc5350c056522b3a33c911db1 .av-seperator-icon{\ncolor:#d63e2d;\n}\n<\/style>\n<div  class='hr av-wf31k-0d4450fbc5350c056522b3a33c911db1 hr-custom  avia-builder-el-16  el_after_av_heading  avia-builder-el-last  hr-center hr-icon-yes'><span class='hr-inner inner-border-av-border-fat'><span class=\"hr-inner-style\"><\/span><\/span><span class='av-seperator-icon' aria-hidden='true' data-av_icon='\ue80b' data-av_iconfont='entypo-fontello'><\/span><span class='hr-inner inner-border-av-border-fat'><span class=\"hr-inner-style\"><\/span><\/span><\/div><\/p><\/div>\n<style type=\"text\/css\" data-created_by=\"avia_inline_auto\" id=\"style-css-av-q0834-61f2ae92316fc95f7416063bbd7f0b8a\">\n.flex_column.av-q0834-61f2ae92316fc95f7416063bbd7f0b8a{\nborder-radius:0px 0px 0px 0px;\n-webkit-border-radius:0px 0px 0px 0px;\n-moz-border-radius:0px 0px 0px 0px;\n}\n<\/style>\n<div class='flex_column av-q0834-61f2ae92316fc95f7416063bbd7f0b8a av_one_half  avia-builder-el-17  el_after_av_one_full  el_before_av_one_half  first flex_column_div av-zero-column-padding column-top-margin'   ><style type=\"text\/css\" data-created_by=\"avia_inline_auto\" id=\"style-css-av-kc43c-08fd7632132f8ceca889129755ec4b6e\">\n.avia-image-container.av-kc43c-08fd7632132f8ceca889129755ec4b6e .av-image-caption-overlay-center{\ncolor:#ffffff;\n}\n<\/style>\n<div  class='avia-image-container av-kc43c-08fd7632132f8ceca889129755ec4b6e av-styling- avia-align-center  avia-builder-el-18  avia-builder-el-no-sibling '  itemprop=\"image\" itemscope=\"itemscope\" itemtype=\"https:\/\/schema.org\/ImageObject\" ><div class=\"avia-image-container-inner\"><div class=\"avia-image-overlay-wrap\"><img decoding=\"async\" class='wp-image-643 avia-img-lazy-loading-not-643 avia_image' src=\"http:\/\/fundacionmargaritabocio.org\/wp-content\/uploads\/2018\/01\/quienes1.jpg\" alt='' title='quienes1.jpg'  height=\"258\" width=\"579\"  itemprop=\"thumbnailUrl\" srcset=\"http:\/\/fundacionmargaritabocio.org\/wp-content\/uploads\/2018\/01\/quienes1.jpg 579w, http:\/\/fundacionmargaritabocio.org\/wp-content\/uploads\/2018\/01\/quienes1-300x134.jpg 300w\" sizes=\"(max-width: 579px) 100vw, 579px\" \/><\/div><\/div><\/div><\/div>\n<style type=\"text\/css\" data-created_by=\"avia_inline_auto\" id=\"style-css-av-emrcg-0f6ab83b3f0c2719eff1fba6eec61119\">\n.flex_column.av-emrcg-0f6ab83b3f0c2719eff1fba6eec61119{\nborder-radius:0px 0px 0px 0px;\n-webkit-border-radius:0px 0px 0px 0px;\n-moz-border-radius:0px 0px 0px 0px;\n}\n<\/style>\n<div class='flex_column av-emrcg-0f6ab83b3f0c2719eff1fba6eec61119 av_one_half  avia-builder-el-19  el_after_av_one_half  avia-builder-el-last  flex_column_div av-zero-column-padding column-top-margin'   ><section  class='av_textblock_section av-bsqi8-630e2901c1cbdb6fd502dacf5c870594'  itemscope=\"itemscope\" itemtype=\"https:\/\/schema.org\/CreativeWork\" ><div class='avia_textblock'  itemprop=\"text\" ><p>Una plataforma solidaria y altruista formada por un grupo de personas:<\/p>\n<p>\u2022 <strong>Sensibles<\/strong> a la necesidad de contribuir a dejar un mundo mejor que el que nos ha tocado vivir.<\/p>\n<p>\u2022 <strong>Conocedores<\/strong> de que muchos pocos pueden llegar a conseguir grandes objetivos.<\/p>\n<p>\u2022 <strong>Conscientes<\/strong> que ante una tarea tan ingente no puede vencernos el des\u00e1nimo.<\/p>\n<p>No ignoramos las enormes necesidades que se crean alrededor de los m\u00e1s peque\u00f1os y creemos que la menor manera de apuntalar el futuro es apostar por la infancia y la educaci\u00f3n: los dos pilares en los que se ha de fundamentar cualquier sociedad mejor.<\/p>\n<\/div><\/section><\/div>\n\n<\/div><\/div><\/div><!-- close content main div --><\/div><div class='av-extra-border-element border-extra-arrow-down'><div class='av-extra-border-outer'><div class='av-extra-border-inner'><\/div><\/div><\/div><\/div><div id='av_section_5'  class='avia-section av-km9dgp4a-158d7c1406cf757f94823ee5dde2f4ea alternate_color avia-section-default avia-no-border-styling  avia-builder-el-21  el_after_av_section  el_before_av_section  avia-bg-style-scroll container_wrap fullsize'  ><div class='container av-section-cont-open' ><div class='template-page content  av-content-full alpha units'><div class='post-entry post-entry-type-page post-entry-496'><div class='entry-content-wrapper clearfix'>\n\n<style type=\"text\/css\" data-created_by=\"avia_inline_auto\" id=\"style-css-av-km9dei77-c2b03c5ca47bf5c2bad64c34ef1fae24\">\n.flex_column.av-km9dei77-c2b03c5ca47bf5c2bad64c34ef1fae24{\nborder-radius:0px 0px 0px 0px;\n-webkit-border-radius:0px 0px 0px 0px;\n-moz-border-radius:0px 0px 0px 0px;\n}\n<\/style>\n<div class='flex_column av-km9dei77-c2b03c5ca47bf5c2bad64c34ef1fae24 av_one_full  avia-builder-el-22  el_before_av_one_half  avia-builder-el-first  first flex_column_div av-zero-column-padding '   ><p>\n<style type=\"text\/css\" data-created_by=\"avia_inline_auto\" id=\"style-css-av-1cgi2w-6e2da625250303ded01dd5322f68e1d6\">\n#top .hr.hr-invisible.av-1cgi2w-6e2da625250303ded01dd5322f68e1d6{\nheight:50px;\n}\n<\/style>\n<div  class='hr av-1cgi2w-6e2da625250303ded01dd5322f68e1d6 hr-invisible  avia-builder-el-23  el_before_av_heading  avia-builder-el-first '><span class='hr-inner '><span class=\"hr-inner-style\"><\/span><\/span><\/div><br \/>\n\n<style type=\"text\/css\" data-created_by=\"avia_inline_auto\" id=\"style-css-av-km9dci51-f9f94a291df4d288044ff5af8d93da9f\">\n#top .av-special-heading.av-km9dci51-f9f94a291df4d288044ff5af8d93da9f{\npadding-bottom:0px;\nfont-size:50px;\n}\nbody .av-special-heading.av-km9dci51-f9f94a291df4d288044ff5af8d93da9f .av-special-heading-tag .heading-char{\nfont-size:25px;\n}\n#top #wrap_all .av-special-heading.av-km9dci51-f9f94a291df4d288044ff5af8d93da9f .av-special-heading-tag{\nfont-size:50px;\n}\n.av-special-heading.av-km9dci51-f9f94a291df4d288044ff5af8d93da9f .av-subheading{\nfont-size:15px;\n}\n<\/style>\n<div  class='av-special-heading av-km9dci51-f9f94a291df4d288044ff5af8d93da9f av-special-heading-h3 blockquote modern-quote modern-centered  avia-builder-el-24  el_after_av_hr  el_before_av_hr  av-inherit-size'><h3 class='av-special-heading-tag'  itemprop=\"headline\"  >Objetivos Fundacionales<\/h3><div class=\"special-heading-border\"><div class=\"special-heading-inner-border\"><\/div><\/div><\/div><br \/>\n\n<style type=\"text\/css\" data-created_by=\"avia_inline_auto\" id=\"style-css-av-km9dixxj-05bae6d45be3445bc14d106ac0a6360e\">\n#top .hr.av-km9dixxj-05bae6d45be3445bc14d106ac0a6360e{\nmargin-top:15px;\nmargin-bottom:40px;\n}\n.hr.av-km9dixxj-05bae6d45be3445bc14d106ac0a6360e .hr-inner{\nwidth:50px;\nborder-color:#000000;\nmax-width:45%;\n}\n.hr.av-km9dixxj-05bae6d45be3445bc14d106ac0a6360e .av-seperator-icon{\ncolor:#d63e2d;\n}\n<\/style>\n<div  class='hr av-km9dixxj-05bae6d45be3445bc14d106ac0a6360e hr-custom  avia-builder-el-25  el_after_av_heading  avia-builder-el-last  hr-center hr-icon-yes'><span class='hr-inner inner-border-av-border-fat'><span class=\"hr-inner-style\"><\/span><\/span><span class='av-seperator-icon' aria-hidden='true' data-av_icon='\ue845' data-av_iconfont='entypo-fontello'><\/span><span class='hr-inner inner-border-av-border-fat'><span class=\"hr-inner-style\"><\/span><\/span><\/div><\/p><\/div>\n<style type=\"text\/css\" data-created_by=\"avia_inline_auto\" id=\"style-css-av-19y480-9f01d288b856d1f5697c6ba307aa15c9\">\n.flex_column.av-19y480-9f01d288b856d1f5697c6ba307aa15c9{\nborder-radius:0px 0px 0px 0px;\n-webkit-border-radius:0px 0px 0px 0px;\n-moz-border-radius:0px 0px 0px 0px;\n}\n<\/style>\n<div class='flex_column av-19y480-9f01d288b856d1f5697c6ba307aa15c9 av_one_half  avia-builder-el-26  el_after_av_one_full  el_before_av_one_half  first flex_column_div av-zero-column-padding column-top-margin'   ><section  class='av_textblock_section av-km9ddiyz-7c07772d140c3a1a154394120e9bf634'  itemscope=\"itemscope\" itemtype=\"https:\/\/schema.org\/CreativeWork\" ><div class='avia_textblock'  itemprop=\"text\" ><p>Contribuir a mejorar el mundo de la infancia m\u00e1s pr\u00f3xima, el de los m\u00e1s necesitados, bien por sus limitaciones f\u00edsicas o ps\u00edquicas o bien por sus escasos medios econ\u00f3micos y procurar que ese mundo sea un poco m\u00e1s feliz.<\/p>\n<p>Pretendemos llegar a cuantos m\u00e1s mejor, de aquellos que necesitan un juguete, una mano, una sonrisa\u2026, con el convencimiento de que todo esfuerzo en esta direcci\u00f3n no ser\u00e1 in\u00fatil.<\/p>\n<p>La finalidad ser\u00eda, por tanto, contribuir a mejorar en lo posible la sociedad que han de recibir las futuras generaciones.<\/p>\n<\/div><\/section><\/div>\n<style type=\"text\/css\" data-created_by=\"avia_inline_auto\" id=\"style-css-av-10cb5c-8e721286ef8d66fd695e0fd12e3d6c55\">\n.flex_column.av-10cb5c-8e721286ef8d66fd695e0fd12e3d6c55{\nborder-radius:0px 0px 0px 0px;\n-webkit-border-radius:0px 0px 0px 0px;\n-moz-border-radius:0px 0px 0px 0px;\n}\n<\/style>\n<div class='flex_column av-10cb5c-8e721286ef8d66fd695e0fd12e3d6c55 av_one_half  avia-builder-el-28  el_after_av_one_half  avia-builder-el-last  flex_column_div av-zero-column-padding column-top-margin'   ><style type=\"text\/css\" data-created_by=\"avia_inline_auto\" id=\"style-css-av-km9dlvvx-97eb01a5b0356f80e6e0512182de6741\">\n.avia-image-container.av-km9dlvvx-97eb01a5b0356f80e6e0512182de6741 .av-image-caption-overlay-center{\ncolor:#ffffff;\n}\n<\/style>\n<div  class='avia-image-container av-km9dlvvx-97eb01a5b0356f80e6e0512182de6741 av-styling- avia-align-center  avia-builder-el-29  avia-builder-el-no-sibling '  itemprop=\"image\" itemscope=\"itemscope\" itemtype=\"https:\/\/schema.org\/ImageObject\" ><div class=\"avia-image-container-inner\"><div class=\"avia-image-overlay-wrap\"><img decoding=\"async\" class='wp-image-527 avia-img-lazy-loading-not-527 avia_image' src=\"http:\/\/fundacionmargaritabocio.org\/wp-content\/uploads\/2021\/03\/objetivos-300x200.jpg\" alt='' title='objetivos'  height=\"200\" width=\"300\"  itemprop=\"thumbnailUrl\" srcset=\"http:\/\/fundacionmargaritabocio.org\/wp-content\/uploads\/2021\/03\/objetivos-300x200.jpg 300w, http:\/\/fundacionmargaritabocio.org\/wp-content\/uploads\/2021\/03\/objetivos.jpg 579w\" sizes=\"(max-width: 300px) 100vw, 300px\" \/><\/div><\/div><\/div><\/div>\n\n<\/div><\/div><\/div><!-- close content main div --><\/div><\/div>\n<style type=\"text\/css\" data-created_by=\"avia_inline_auto\" id=\"style-css-av-41mpx0-de516dd342f1eb54dbc13e462e15cd10\">\n.avia-section.av-41mpx0-de516dd342f1eb54dbc13e462e15cd10 .av-extra-border-element .av-extra-border-inner{\nbackground-color:#ffffff;\n}\n<\/style>\n<div id='av_section_6'  class='avia-section av-41mpx0-de516dd342f1eb54dbc13e462e15cd10 main_color avia-section-huge avia-no-border-styling  avia-builder-el-30  el_after_av_section  avia-builder-el-last  avia-bg-style-fixed av-arrow-down-section container_wrap fullsize'  ><div class='container av-section-cont-open' ><div class='template-page content  av-content-full alpha units'><div class='post-entry post-entry-type-page post-entry-496'><div class='entry-content-wrapper clearfix'>\n\n<style type=\"text\/css\" data-created_by=\"avia_inline_auto\" id=\"style-css-av-3trovg-3c843de1477381b928b6cd65e32298a6\">\n.flex_column.av-3trovg-3c843de1477381b928b6cd65e32298a6{\nborder-radius:0px 0px 0px 0px;\n-webkit-border-radius:0px 0px 0px 0px;\n-moz-border-radius:0px 0px 0px 0px;\n}\n<\/style>\n<div class='flex_column av-3trovg-3c843de1477381b928b6cd65e32298a6 av_one_full  avia-builder-el-31  el_before_av_one_half  avia-builder-el-first  first flex_column_div av-zero-column-padding '   ><p>\n<style type=\"text\/css\" data-created_by=\"avia_inline_auto\" id=\"style-css-av-3nwfxo-fdf72b0e829228857cc4e9b8fd70c4a7\">\n#top .av-special-heading.av-3nwfxo-fdf72b0e829228857cc4e9b8fd70c4a7{\npadding-bottom:0px;\nfont-size:50px;\n}\nbody .av-special-heading.av-3nwfxo-fdf72b0e829228857cc4e9b8fd70c4a7 .av-special-heading-tag .heading-char{\nfont-size:25px;\n}\n#top #wrap_all .av-special-heading.av-3nwfxo-fdf72b0e829228857cc4e9b8fd70c4a7 .av-special-heading-tag{\nfont-size:50px;\n}\n.av-special-heading.av-3nwfxo-fdf72b0e829228857cc4e9b8fd70c4a7 .av-subheading{\nfont-size:15px;\n}\n<\/style>\n<div  class='av-special-heading av-3nwfxo-fdf72b0e829228857cc4e9b8fd70c4a7 av-special-heading-h3 blockquote modern-quote modern-centered  avia-builder-el-32  el_before_av_hr  avia-builder-el-first  av-inherit-size'><h3 class='av-special-heading-tag'  itemprop=\"headline\"  >Nuestra Historia<\/h3><div class=\"special-heading-border\"><div class=\"special-heading-inner-border\"><\/div><\/div><\/div><br \/>\n\n<style type=\"text\/css\" data-created_by=\"avia_inline_auto\" id=\"style-css-av-3iqpz8-1b0e98b889ed45762397d64ad2c727cc\">\n#top .hr.av-3iqpz8-1b0e98b889ed45762397d64ad2c727cc{\nmargin-top:15px;\nmargin-bottom:40px;\n}\n.hr.av-3iqpz8-1b0e98b889ed45762397d64ad2c727cc .hr-inner{\nwidth:50px;\nborder-color:#000000;\nmax-width:45%;\n}\n.hr.av-3iqpz8-1b0e98b889ed45762397d64ad2c727cc .av-seperator-icon{\ncolor:#d63e2d;\n}\n<\/style>\n<div  class='hr av-3iqpz8-1b0e98b889ed45762397d64ad2c727cc hr-custom  avia-builder-el-33  el_after_av_heading  avia-builder-el-last  hr-center hr-icon-yes'><span class='hr-inner inner-border-av-border-fat'><span class=\"hr-inner-style\"><\/span><\/span><span class='av-seperator-icon' aria-hidden='true' data-av_icon='\ue85b' data-av_iconfont='entypo-fontello'><\/span><span class='hr-inner inner-border-av-border-fat'><span class=\"hr-inner-style\"><\/span><\/span><\/div><\/p><\/div>\n<style type=\"text\/css\" data-created_by=\"avia_inline_auto\" id=\"style-css-av-3d773w-0410869797a40656288ffd92d87a80b4\">\n.flex_column.av-3d773w-0410869797a40656288ffd92d87a80b4{\nborder-radius:0px 0px 0px 0px;\n-webkit-border-radius:0px 0px 0px 0px;\n-moz-border-radius:0px 0px 0px 0px;\n}\n<\/style>\n<div class='flex_column av-3d773w-0410869797a40656288ffd92d87a80b4 av_one_half  avia-builder-el-34  el_after_av_one_full  el_before_av_one_half  first flex_column_div av-zero-column-padding column-top-margin'   ><p>\n<style type=\"text\/css\" data-created_by=\"avia_inline_auto\" id=\"style-css-av-36uqkk-07e0c012f83cf148522862b3bc70ec61\">\n#top .av-special-heading.av-36uqkk-07e0c012f83cf148522862b3bc70ec61{\npadding-bottom:0px;\nfont-size:25px;\n}\nbody .av-special-heading.av-36uqkk-07e0c012f83cf148522862b3bc70ec61 .av-special-heading-tag .heading-char{\nfont-size:25px;\n}\n#top #wrap_all .av-special-heading.av-36uqkk-07e0c012f83cf148522862b3bc70ec61 .av-special-heading-tag{\nfont-size:25px;\n}\n.av-special-heading.av-36uqkk-07e0c012f83cf148522862b3bc70ec61 .av-subheading{\nfont-size:15px;\n}\n<\/style>\n<div  class='av-special-heading av-36uqkk-07e0c012f83cf148522862b3bc70ec61 av-special-heading-h3 blockquote modern-quote  avia-builder-el-35  el_before_av_textblock  avia-builder-el-first  av-inherit-size'><h3 class='av-special-heading-tag'  itemprop=\"headline\"  >2011<\/h3><div class=\"special-heading-border\"><div class=\"special-heading-inner-border\"><\/div><\/div><\/div><br \/>\n<section  class='av_textblock_section av-30mmo4-490db03879d09dfe2b904f5c2f042fa4'  itemscope=\"itemscope\" itemtype=\"https:\/\/schema.org\/CreativeWork\" ><div class='avia_textblock'  itemprop=\"text\" ><p>Se pone en marcha la Fundaci\u00f3n Margarita Bocio, con la ayuda a la infancia desfavorecida como objetivo principal. Las primeras colaboraciones fueron con el centro La Muntanyeta de la Asociaci\u00f3n Provincial de Par\u00e1lisis Cerebral de Tarragona, ayudando en la escuela de verano, as\u00ed como con el Colegio Rubi\u00f3 i Ors, en un proyecto de reutilizaci\u00f3n de libros.<\/p>\n<\/div><\/section><\/p><\/div>\n<style type=\"text\/css\" data-created_by=\"avia_inline_auto\" id=\"style-css-av-2v7l2c-4435d6e85fe8755924af8de049921565\">\n.flex_column.av-2v7l2c-4435d6e85fe8755924af8de049921565{\nborder-radius:0px 0px 0px 0px;\n-webkit-border-radius:0px 0px 0px 0px;\n-moz-border-radius:0px 0px 0px 0px;\n}\n<\/style>\n<div class='flex_column av-2v7l2c-4435d6e85fe8755924af8de049921565 av_one_half  avia-builder-el-37  el_after_av_one_half  el_before_av_one_half  flex_column_div av-zero-column-padding column-top-margin'   ><p>\n<style type=\"text\/css\" data-created_by=\"avia_inline_auto\" id=\"style-css-av-2rt778-113817e03463b622391c4d4a7c0dafbc\">\n#top .av-special-heading.av-2rt778-113817e03463b622391c4d4a7c0dafbc{\npadding-bottom:0px;\nfont-size:25px;\n}\nbody .av-special-heading.av-2rt778-113817e03463b622391c4d4a7c0dafbc .av-special-heading-tag .heading-char{\nfont-size:25px;\n}\n#top #wrap_all .av-special-heading.av-2rt778-113817e03463b622391c4d4a7c0dafbc .av-special-heading-tag{\nfont-size:25px;\n}\n.av-special-heading.av-2rt778-113817e03463b622391c4d4a7c0dafbc .av-subheading{\nfont-size:15px;\n}\n<\/style>\n<div  class='av-special-heading av-2rt778-113817e03463b622391c4d4a7c0dafbc av-special-heading-h3 blockquote modern-quote  avia-builder-el-38  el_before_av_textblock  avia-builder-el-first  av-inherit-size'><h3 class='av-special-heading-tag'  itemprop=\"headline\"  >2015<\/h3><div class=\"special-heading-border\"><div class=\"special-heading-inner-border\"><\/div><\/div><\/div><br \/>\n<section  class='av_textblock_section av-2lhrp8-01bf8e93c7e9f6fea32734c924518b2e'  itemscope=\"itemscope\" itemtype=\"https:\/\/schema.org\/CreativeWork\" ><div class='avia_textblock'  itemprop=\"text\" ><p>La Fundaci\u00f3n Margarita Bocio atiende solicitudes por un importe de 46.855,64 \u20ac en el a\u00f1o 2015. El total de peticiones atendidas desde la constituci\u00f3n de la Fundaci\u00f3n asciende a 142.221,16 \u20ac, colaborando con: Fundaci\u00f3 Mossen Frederic Bara i Cortiella, Carites Parroquial Sant Joan de Reus, Fechab y diversos colegios de Reus.<\/p>\n<\/div><\/section><\/p><\/div>\n<style type=\"text\/css\" data-created_by=\"avia_inline_auto\" id=\"style-css-av-2elodg-bff368972f3e3a2efdd63067de8a0a6c\">\n.flex_column.av-2elodg-bff368972f3e3a2efdd63067de8a0a6c{\nborder-radius:0px 0px 0px 0px;\n-webkit-border-radius:0px 0px 0px 0px;\n-moz-border-radius:0px 0px 0px 0px;\n}\n<\/style>\n<div class='flex_column av-2elodg-bff368972f3e3a2efdd63067de8a0a6c av_one_half  avia-builder-el-40  el_after_av_one_half  el_before_av_one_half  first flex_column_div av-zero-column-padding column-top-margin'   ><p>\n<style type=\"text\/css\" data-created_by=\"avia_inline_auto\" id=\"style-css-av-2awvic-762553b2d442be986061fecc743d1d3b\">\n#top .av-special-heading.av-2awvic-762553b2d442be986061fecc743d1d3b{\npadding-bottom:0px;\nfont-size:25px;\n}\nbody .av-special-heading.av-2awvic-762553b2d442be986061fecc743d1d3b .av-special-heading-tag .heading-char{\nfont-size:25px;\n}\n#top #wrap_all .av-special-heading.av-2awvic-762553b2d442be986061fecc743d1d3b .av-special-heading-tag{\nfont-size:25px;\n}\n.av-special-heading.av-2awvic-762553b2d442be986061fecc743d1d3b .av-subheading{\nfont-size:15px;\n}\n<\/style>\n<div  class='av-special-heading av-2awvic-762553b2d442be986061fecc743d1d3b av-special-heading-h3 blockquote modern-quote  avia-builder-el-41  el_before_av_textblock  avia-builder-el-first  av-inherit-size'><h3 class='av-special-heading-tag'  itemprop=\"headline\"  >2019<\/h3><div class=\"special-heading-border\"><div class=\"special-heading-inner-border\"><\/div><\/div><\/div><br \/>\n<section  class='av_textblock_section av-22t1c4-f2d84064bac1c679dae6312122fe2393'  itemscope=\"itemscope\" itemtype=\"https:\/\/schema.org\/CreativeWork\" ><div class='avia_textblock'  itemprop=\"text\" ><p>M\u00e1s de 300 ni\u00f1os se han beneficiado durante 2019 del apoyo de la Fundaci\u00f3n: ayudas comedor, casal de verano, clases de refuerzo, colonias, ayuda para la compra de gafas, libros y otro material escolar, transporte, salidas y viaje fin de curso, as\u00ed como un proyecto de terapia con perros.<\/p>\n<\/div><\/section><\/p><\/div>\n<style type=\"text\/css\" data-created_by=\"avia_inline_auto\" id=\"style-css-av-1w047g-ba22fb83f018646c0b635f3e0cdd9bab\">\n.flex_column.av-1w047g-ba22fb83f018646c0b635f3e0cdd9bab{\nborder-radius:0px 0px 0px 0px;\n-webkit-border-radius:0px 0px 0px 0px;\n-moz-border-radius:0px 0px 0px 0px;\n}\n<\/style>\n<div class='flex_column av-1w047g-ba22fb83f018646c0b635f3e0cdd9bab av_one_half  avia-builder-el-43  el_after_av_one_half  avia-builder-el-last  flex_column_div av-zero-column-padding column-top-margin'   ><p>\n<style type=\"text\/css\" data-created_by=\"avia_inline_auto\" id=\"style-css-av-1pl1j8-fd2fb9313b0039c1c79bdfcc96d79983\">\n#top .av-special-heading.av-1pl1j8-fd2fb9313b0039c1c79bdfcc96d79983{\npadding-bottom:0px;\nfont-size:25px;\n}\nbody .av-special-heading.av-1pl1j8-fd2fb9313b0039c1c79bdfcc96d79983 .av-special-heading-tag .heading-char{\nfont-size:25px;\n}\n#top #wrap_all .av-special-heading.av-1pl1j8-fd2fb9313b0039c1c79bdfcc96d79983 .av-special-heading-tag{\nfont-size:25px;\n}\n.av-special-heading.av-1pl1j8-fd2fb9313b0039c1c79bdfcc96d79983 .av-subheading{\nfont-size:15px;\n}\n<\/style>\n<div  class='av-special-heading av-1pl1j8-fd2fb9313b0039c1c79bdfcc96d79983 av-special-heading-h3 blockquote modern-quote  avia-builder-el-44  el_before_av_textblock  avia-builder-el-first  av-inherit-size'><h3 class='av-special-heading-tag'  itemprop=\"headline\"  >2021<\/h3><div class=\"special-heading-border\"><div class=\"special-heading-inner-border\"><\/div><\/div><\/div><br \/>\n<section  class='av_textblock_section av-1k7tik-8ad176699662d0883260ab98cf76bc0d'  itemscope=\"itemscope\" itemtype=\"https:\/\/schema.org\/CreativeWork\" ><div class='avia_textblock'  itemprop=\"text\" ><p>La Fundaci\u00f3n cumple 10 a\u00f1os. Contin\u00faa la colaboraci\u00f3n con la Fundaci\u00f3n Mossen Frederic Bara Cortiella y con distintos centros escolares. Hasta el a\u00f1o 2021 ya se han acumulado ayudas por importe superior a la cuant\u00eda del capital fundacional de la Fundaci\u00f3n.<\/p>\n<\/div><\/section><\/p><\/div>\n\n","protected":false},"excerpt":{"rendered":"","protected":false},"author":2,"featured_media":0,"parent":0,"menu_order":0,"comment_status":"closed","ping_status":"closed","template":"","meta":{"footnotes":""},"class_list":["post-496","page","type-page","status-publish","hentry"],"_links":{"self":[{"href":"http:\/\/fundacionmargaritabocio.org\/es\/wp-json\/wp\/v2\/pages\/496","targetHints":{"allow":["GET"]}}],"collection":[{"href":"http:\/\/fundacionmargaritabocio.org\/es\/wp-json\/wp\/v2\/pages"}],"about":[{"href":"http:\/\/fundacionmargaritabocio.org\/es\/wp-json\/wp\/v2\/types\/page"}],"author":[{"embeddable":true,"href":"http:\/\/fundacionmargaritabocio.org\/es\/wp-json\/wp\/v2\/users\/2"}],"replies":[{"embeddable":true,"href":"http:\/\/fundacionmargaritabocio.org\/es\/wp-json\/wp\/v2\/comments?post=496"}],"version-history":[{"count":121,"href":"http:\/\/fundacionmargaritabocio.org\/es\/wp-json\/wp\/v2\/pages\/496\/revisions"}],"predecessor-version":[{"id":2238,"href":"http:\/\/fundacionmargaritabocio.org\/es\/wp-json\/wp\/v2\/pages\/496\/revisions\/2238"}],"wp:attachment":[{"href":"http:\/\/fundacionmargaritabocio.org\/es\/wp-json\/wp\/v2\/media?parent=496"}],"curies":[{"name":"wp","href":"https:\/\/api.w.org\/{rel}","templated":true}]}}